{"id":4743,"date":"2018-10-25T12:36:29","date_gmt":"2018-10-25T10:36:29","guid":{"rendered":"https:\/\/www.organic.cat\/qui-soc\/"},"modified":"2023-09-14T10:59:24","modified_gmt":"2023-09-14T08:59:24","slug":"quien-soy","status":"publish","type":"page","link":"https:\/\/www.organic.cat\/es\/quien-soy\/","title":{"rendered":"Qui\u00e9n soy"},"content":{"rendered":"<div class=\"wpb-content-wrapper\"><p>[vc_row top_margin=\u00bbpage-margin-top-section\u00bb][vc_column width=\u00bb1\/2&#8243; el_class=\u00bbpadding-right-30&#8243;][vc_single_image image=\u00bb4497&#8243; img_size=\u00bbmedicenter-vertical-image\u00bb el_class=\u00bbpage-margin-top side-image\u00bb][vc_single_image image=\u00bb4487&#8243; img_size=\u00bbmedicenter-vertical-image\u00bb alignment=\u00bbright\u00bb][\/vc_column][vc_column width=\u00bb1\/2&#8243;]<h3 class=\"box-header\">Org\u00e1nico Centro Nutricional en Amposta<\/h3><h2 class=\"box-header large margin-top-30 no-border\">Rosa Bayerri<\/h2>[vc_column_text el_class=\u00bblarge margin-top-10&#8243;]Hace a\u00f1os, en el momento en que deb\u00eda decidir qu\u00e9 carrera estudiar me rodeaban 3 opciones, Nutrici\u00f3n, Farmacia y Bioqu\u00edmica. Por esa \u00e9poca sali\u00f3 la pel\u00edcula \u201cEstadillo\u201d y me fascin\u00f3 todo el mundo de las enfermedades infecciosas y la investigaci\u00f3n. Pero a la hora de escribir las opciones a esa hoja de elecci\u00f3n para los estudios universitarios, la primera fue clara, casi instintiva, ser\u00eda Nutrici\u00f3n Humana y Diet\u00e9tica. El por qu\u00e9 creo que tambi\u00e9n fue claro, tengo una familia que siempre ha cuidado la alimentaci\u00f3n pero no por la apariencia f\u00edsica, ni por cuidar la salud (en parte s\u00ed), sino porque mi madre no le gustaba cocinar, hacer grandes preparaciones culinarias, &#8230;. As\u00ed pues, siempre com\u00edamos muy sencillo, sin alardes. A su vez, mi madre ten\u00eda una tienda y me encantaba el trato con la gente y conversar con los clientes.[\/vc_column_text][\/vc_column][\/vc_row][vc_row css=\u00bb.vc_custom_1693491553236{margin-top: 70px !important;margin-bottom: 70px !important;padding-top: 40px !important;padding-bottom: 40px !important;}\u00bb][vc_column][\/vc_column][\/vc_row][vc_row top_margin=\u00bbpage-margin-top-section\u00bb][vc_column width=\u00bb1\/2&#8243;]<h3 class=\"box-header\">Org\u00e1nico Centro Nutricional en Amposta<\/h3><h2 class=\"box-header large margin-top-30 no-border\">Nutricionista cl\u00ednica CAT288<\/h2><ul class=\"simple-list margin-top-15 clearfix\"><li class=\"template-tick-2 clearfix\">\n\t\t\t<span>Diplomada en Nutrici\u00f3n Humana y Diet\u00e9tica, por la Universidad de Vic<\/span><\/li><li class=\"template-tick-2 clearfix\">\n\t\t\t<span>Licenciada en Ciencia y Tecnolog\u00eda de los Alimentos, por la Universidad de Barcelona<\/span><\/li><li class=\"template-tick-2 clearfix\">\n\t\t\t<span>M\u00e1ster en Cineantropometr\u00eda y Nutrici\u00f3n Deportiva, por la Universidad de Valencia<\/span><\/li><li class=\"template-tick-2 clearfix\">\n\t\t\t<span>Postgrado en Nutrici\u00f3n y Salud P\u00fablica, por la Universidad de Navarra<\/span><\/li><li class=\"template-tick-2 clearfix\">\n\t\t\t<span>Postgrado en Nutrici\u00f3n y Obesidad, por la Universidad de Navarra<\/span><\/li><li class=\"template-tick-2 clearfix\">\n\t\t\t<span>Postgrado en Nutrici\u00f3n en la Infancia y la Adolescencia, por la Universidad de Navarra<\/span><\/li><\/ul>[\/vc_column][vc_column width=\u00bb1\/2&#8243; el_class=\u00bbpadding-right-30&#8243;][vc_single_image image=\u00bb4498&#8243; img_size=\u00bbmedicenter-vertical-image\u00bb el_class=\u00bbpage-margin-top side-image\u00bb][vc_single_image image=\u00bb4499&#8243; img_size=\u00bbmedicenter-vertical-image\u00bb alignment=\u00bbright\u00bb][\/vc_column][\/vc_row][vc_row css=\u00bb.vc_custom_1693490825424{margin-top: 30px !important;margin-bottom: 30px !important;}\u00bb][vc_column][\/vc_column][\/vc_row]<\/p>\n<\/div>","protected":false},"excerpt":{"rendered":"<p>[vc_row top_margin=\u00bbpage-margin-top-section\u00bb][vc_column width=\u00bb1\/2&#8243; el_class=\u00bbpadding-right-30&#8243;][vc_single_image image=\u00bb4497&#8243; img_size=\u00bbmedicenter-vertical-image\u00bb el_class=\u00bbpage-margin-top side-image\u00bb][vc_single_image image=\u00bb4487&#8243; img_size=\u00bbmedicenter-vertical-image\u00bb alignment=\u00bbright\u00bb][\/vc_column][vc_column width=\u00bb1\/2&#8243;][vc_column_text el_class=\u00bblarge margin-top-10&#8243;]Hace a\u00f1os, en el momento en que deb\u00eda decidir qu\u00e9 carrera estudiar me rodeaban 3 opciones, Nutrici\u00f3n, Farmacia y Bioqu\u00edmica. Por esa \u00e9poca sali\u00f3 la pel\u00edcula \u201cEstadillo\u201d y me fascin\u00f3 todo el mundo de las enfermedades infecciosas y la investigaci\u00f3n. Pero a<\/p>\n","protected":false},"author":1,"featured_media":0,"parent":0,"menu_order":0,"comment_status":"closed","ping_status":"closed","template":"","meta":{"_monsterinsights_skip_tracking":false,"_monsterinsights_sitenote_active":false,"_monsterinsights_sitenote_note":"","_monsterinsights_sitenote_category":0,"footnotes":""},"class_list":["post-4743","page","type-page","status-publish","hentry"],"aioseo_notices":[],"_links":{"self":[{"href":"https:\/\/www.organic.cat\/es\/wp-json\/wp\/v2\/pages\/4743","targetHints":{"allow":["GET"]}}],"collection":[{"href":"https:\/\/www.organic.cat\/es\/wp-json\/wp\/v2\/pages"}],"about":[{"href":"https:\/\/www.organic.cat\/es\/wp-json\/wp\/v2\/types\/page"}],"author":[{"embeddable":true,"href":"https:\/\/www.organic.cat\/es\/wp-json\/wp\/v2\/users\/1"}],"replies":[{"embeddable":true,"href":"https:\/\/www.organic.cat\/es\/wp-json\/wp\/v2\/comments?post=4743"}],"version-history":[{"count":4,"href":"https:\/\/www.organic.cat\/es\/wp-json\/wp\/v2\/pages\/4743\/revisions"}],"predecessor-version":[{"id":4855,"href":"https:\/\/www.organic.cat\/es\/wp-json\/wp\/v2\/pages\/4743\/revisions\/4855"}],"wp:attachment":[{"href":"https:\/\/www.organic.cat\/es\/wp-json\/wp\/v2\/media?parent=4743"}],"curies":[{"name":"wp","href":"https:\/\/api.w.org\/{rel}","templated":true}]}}